{"id":47,"date":"2018-08-29T03:48:07","date_gmt":"2018-08-29T03:48:07","guid":{"rendered":"http:\/\/www.osmickasobe.cz\/?page_id=47"},"modified":"2022-09-19T07:33:49","modified_gmt":"2022-09-19T07:33:49","slug":"nasi-lide","status":"publish","type":"page","link":"https:\/\/www.osmickasobe.cz\/index.php\/nasi-lide\/","title":{"rendered":"Na\u0161e kandid\u00e1tky a kandid\u00e1ti"},"content":{"rendered":"<p align=\"justify\"><span style=\"font-family: 'Times New Roman', serif; color: #333399;\"><span style=\"font-size: medium;\"><span style=\"font-family: Tahoma, serif;\"><span style=\"font-size: small;\"><b><img loading=\"lazy\" class=\"size-full wp-image-188 alignleft\" src=\"http:\/\/www.osmickasobe.cz\/wp-content\/uploads\/2018\/09\/obliceje8_pavlu.png\" alt=\"\" width=\"227\" height=\"227\" srcset=\"https:\/\/www.osmickasobe.cz\/wp-content\/uploads\/2018\/09\/obliceje8_pavlu.png 227w, https:\/\/www.osmickasobe.cz\/wp-content\/uploads\/2018\/09\/obliceje8_pavlu-150x150.png 150w\" sizes=\"(max-width: 227px) 100vw, 227px\" \/>Mgr. Tom\u00e1\u0161 Pavl\u016f, BD<\/b><\/span><\/span><\/span><\/span><\/p>\n<p align=\"justify\"><span style=\"font-family: 'Times New Roman', serif; color: #333399;\"><span style=\"font-size: medium;\"><span style=\"font-family: Tahoma, serif;\">Cel\u00fd \u017eivot pracuji v oblasti komunikace a jazyk\u016f, pracoval jsem jako redaktor, st\u0159edo\u0161kolsk\u00fd u\u010ditel i p\u0159ekladatel nyn\u00ed pracuji jako lektor angli\u010dtiny. V\u011bt\u0161inu \u010dasu v\u0161ak v\u011bnuji m\u00edstn\u00ed politice. Po\u0159\u00e1dal jsem guerrila gardening, Ukli\u010fme \u010cesko, jako zastupitel jsem podal usnesen\u00ed na z\u00e1chranu Libe\u0148sk\u00e9ho mostu, kter\u00e9 bylo p\u0159ijato. Jsem opozi\u010dn\u00ed zastupitel a pracoval jsem ve Finan\u010dn\u00edm v\u00fdboru a bezpe\u010dnostn\u00ed komisi, v\u011bnuji se tak\u00e9 doprav\u011b (opravy p\u0159echod\u016f)<br \/>\na zlep\u0161en\u00ed \u017eivotn\u00edho prost\u0159ed\u00ed. Jsem \u017eenat\u00fd a m\u00e1me dv\u011b d\u011bti.<\/span><\/span><\/span><\/p>\n<p align=\"justify\"><span style=\"font-family: 'Times New Roman', serif; color: #333399;\"><span style=\"font-size: medium;\"><span style=\"font-family: Tahoma, serif;\">Motto: <\/span><span style=\"font-family: Tahoma, serif;\"><i>No goal is too high if we climb with care and confidence. (voln\u00fd p\u0159eklad:<br \/>\nS odvahou a d\u016fv\u011brou poj\u010fme za sv\u00fdm c\u00edlem.)<\/i><\/span><\/span><\/span><\/p>\n<h3 align=\"justify\"><span style=\"font-family: 'Times New Roman', serif; color: #333399;\"><span style=\"font-size: medium;\"><b><span style=\"font-family: Tahoma, serif;\"><span style=\"font-size: small;\"><img loading=\"lazy\" class=\"size-full wp-image-190 alignleft\" src=\"http:\/\/www.osmickasobe.cz\/wp-content\/uploads\/2018\/09\/obliceje6_zuzana.png\" alt=\"\" width=\"227\" height=\"227\" srcset=\"https:\/\/www.osmickasobe.cz\/wp-content\/uploads\/2018\/09\/obliceje6_zuzana.png 227w, https:\/\/www.osmickasobe.cz\/wp-content\/uploads\/2018\/09\/obliceje6_zuzana-150x150.png 150w\" sizes=\"(max-width: 227px) 100vw, 227px\" \/>Ing. Zuzana Tu\u0161\u010d\u00e1kov\u00e1<\/span><\/span><\/b><\/span><\/span><\/h3>\n<p align=\"justify\"><span style=\"font-family: 'Times New Roman', serif; color: #333399;\"><span style=\"font-size: medium;\"><span style=\"font-family: Tahoma, serif;\">Jsem \u010dlenka v\u00fdboru SVJ, mnoho let jsem pracovala jako strojn\u00ed techni\u010dka. Pracuji<br \/>\nv Komisi pro seniory i nad\u00e1le chci aktivn\u011b zlep\u0161ovat podm\u00ednky pro \u017eivot senior\u016f<br \/>\ni v\u0161ech ob\u010dan\u016f. Chci prosadit zaveden\u00ed aktiviza\u010dn\u00edch program\u016f pro seniory v Libni<br \/>\na v Karl\u00edn\u011b a z\u0159\u00edzen\u00ed chyb\u011bj\u00edc\u00edho komunitn\u00edho centra v Libni nap\u0159. v Lowitov\u011b ml\u00fdn\u011b. Zasazuji se o ochranu zahr\u00e1dk\u00e1\u0159sk\u00fdch osad v Praze.<\/span><\/span><\/span><\/p>\n<p align=\"justify\"><span style=\"font-family: 'Times New Roman', serif; color: #333399;\"><span style=\"font-size: medium;\"><span style=\"font-family: Tahoma, serif;\">Z\u00e1jmy: p\u00e9\u010de o zahr\u00e1dku<\/span><\/span><\/span><\/p>\n<p class=\"western\" align=\"justify\"><span style=\"color: #333399;\"><span style=\"font-family: Times New Roman, serif;\"><span style=\"font-size: medium;\"><b><span style=\"font-family: Tahoma, serif;\"><span style=\"font-size: small;\"><img loading=\"lazy\" class=\"size-full wp-image-192 alignleft\" src=\"http:\/\/www.osmickasobe.cz\/wp-content\/uploads\/2018\/09\/obliceje4_dagmar.png\" alt=\"\" width=\"227\" height=\"227\" srcset=\"https:\/\/www.osmickasobe.cz\/wp-content\/uploads\/2018\/09\/obliceje4_dagmar.png 227w, https:\/\/www.osmickasobe.cz\/wp-content\/uploads\/2018\/09\/obliceje4_dagmar-150x150.png 150w\" sizes=\"(max-width: 227px) 100vw, 227px\" \/>Dagmar Volencov\u00e1<\/span><\/span><\/b><\/span><\/span><\/span><\/p>\n<p align=\"justify\"><span style=\"font-family: 'Times New Roman', serif; color: #333399;\"><span style=\"font-size: medium;\"><span style=\"font-family: Tahoma, serif;\">N\u011bkolik let jsem v d\u016fchodu, m\u00e1m dv\u011b vnou\u010data \u0161koln\u00edho v\u011bku. Pracovala jsem<br \/>\nv m\u00e9di\u00edch na r\u016fzn\u00fdch pozic\u00edch jako novin\u00e1\u0159ka a redaktorka. V posledn\u00edm volebn\u00edm obdob\u00ed jsem \u010dlenkou V\u00fdboru pro \u017eivotn\u00ed prost\u0159ed\u00ed; zaj\u00edm\u00e1 mne, jak\u00e1 bude Libe\u0148, kde \u017eiji od roku 1986. Osobn\u00ed \u00fa\u010dast\u00ed podporuji aktivity sm\u011b\u0159uj\u00edc\u00ed k z\u00e1chran\u011b Libe\u0148sk\u00e9ho mostu a zlep\u0161en\u00ed dopravy v Libni. Aktivn\u011b jsem pracovala na omezen\u00ed heren a kasin na osmi\u010dce. V\u0161echny aktivity, kter\u00e9 rozv\u00edjej\u00edc\u00ed ob\u010danskou spole\u010dnost, jsou pro m\u011b velmi d\u016fle\u017eit\u00e9.<\/span><\/span><\/span><\/p>\n<p align=\"justify\"><span style=\"font-family: 'Times New Roman', serif; color: #333399;\"><span style=\"font-size: medium;\"><span style=\"font-family: Tahoma, serif;\">M\u016fj obl\u00edben\u00fd filosof, vyn\u00e1lezce, cestovatel, u\u010ditel\u2026 napsal do sv\u00e9ho den\u00edku: \u201eJsem bezv\u00fdhradn\u00fd ateista; a\u017e se boj\u00edm, \u017ee m\u011b p\u00e1nb\u016fh potrest\u00e1.\u201c J\u00e1ra Cimrman<\/span><\/span><\/span><\/p>\n<p class=\"western\" align=\"justify\"><span style=\"font-family: Tahoma, serif; color: #333399;\"><span style=\"font-size: small;\"><b><img loading=\"lazy\" class=\"size-full wp-image-193 alignleft\" src=\"http:\/\/www.osmickasobe.cz\/wp-content\/uploads\/2018\/09\/obliceje3_schejbal.png\" alt=\"\" width=\"227\" height=\"227\" srcset=\"https:\/\/www.osmickasobe.cz\/wp-content\/uploads\/2018\/09\/obliceje3_schejbal.png 227w, https:\/\/www.osmickasobe.cz\/wp-content\/uploads\/2018\/09\/obliceje3_schejbal-150x150.png 150w\" sizes=\"(max-width: 227px) 100vw, 227px\" \/>Mgr. Jakub Schejbal<\/b><\/span><\/span><\/p>\n<p class=\"western\" align=\"justify\"><span style=\"font-size: medium; color: #333399;\"><span style=\"font-family: Tahoma, serif;\">Jsem \u017eenat\u00fd, m\u00e1m jedno d\u00edt\u011b, p<\/span><span style=\"font-family: Tahoma, serif;\">racuji jako<\/span><span style=\"font-family: Tahoma, serif;\"> pr\u00e1vn\u00edk. Jako letit\u00fd obyvatel Prahy<br \/>\n8 (Karl\u00edn) a \u010dlen bytov\u00e9 komise m\u00e1m radost, jak\u00fdm rozvojem na\u0161e m\u011bstsk\u00e1 \u010d\u00e1st pro\u0161la. R\u00e1d bych dos\u00e1hl toho, aby radnice byla v\u00a0nov\u00e9m volebn\u00edm obdob\u00ed otev\u0159en\u011bj\u0161\u00ed, vykon\u00e1vala spr\u00e1vu m\u011bsta ve prosp\u011bch n\u00e1s ob\u010dan\u016f i drobn\u00fdch \u017eivnostn\u00edk\u016f, a ne ve prosp\u011bch soukrom\u00fdch z\u00e1jm\u016f n\u011bkter\u00fdch zastupitel\u016f a stavebn\u00edch firem. R\u00e1d bych podpo\u0159il v\u00fdstavbu bydlen\u00ed (zejm. startovac\u00edho a soci\u00e1ln\u00edho), a omezen\u00ed kr\u00e1tkodob\u00fdch pron\u00e1jm\u016f (kter\u00e9 zvy\u0161uj\u00ed ceny n\u00e1jemn\u00e9ho). D\u00e1le bych r\u00e1d inicioval revizi pravidel parkov\u00e1n\u00ed a efektivn\u011bj\u0161\u00ed postihov\u00e1n\u00ed lid\u00ed, kte\u0159\u00ed parkuj\u00ed na modr\u00fdch z\u00f3n\u00e1ch neopr\u00e1vn\u011bn\u011b. <\/span><\/span><\/p>\n<p class=\"western\" align=\"justify\"><span style=\"font-size: medium; color: #333399;\"><span style=\"font-family: Tahoma, serif;\">Motto: <\/span><span style=\"font-family: Tahoma, serif;\"><i>\u201eBez \u010dinu z\u016fst\u00e1v\u00e1 i nejkr\u00e1sn\u011bj\u0161\u00ed my\u0161lenka bezcennou\u201c<\/i><\/span><span style=\"font-family: Tahoma, serif;\">.<\/span><\/span><\/p>\n<p class=\"western\" align=\"justify\"><span style=\"font-family: Tahoma, serif; color: #333399;\"><span style=\"font-size: small;\"><b>Ing. Hana Truncov\u00e1<\/b><\/span><\/span><\/p>\n<p><span style=\"font-family: Tahoma, sans-serif; color: #333399;\"><span style=\"font-size: medium;\">Pracuji jako projektov\u00fd mana\u017eer. Do Prahy 8 &#8211; \u010cimic jsem se p\u0159ist\u011bhovala p\u0159ed 12 lety, aktivn\u011b se zde pod\u00edl\u00edm na spolkov\u00e9m a komunitn\u00edm \u017eivot\u011b. Zaj\u00edm\u00e1m se o \u017eivotn\u00ed prost\u0159ed\u00ed, \u00fazemn\u00ed pl\u00e1nov\u00e1n\u00ed, revitalizaci OC Drah\u00e1\u0148 a p\u0159ilehl\u00e9ho \u00fazem\u00ed a samoz\u0159ejm\u011b o \u0161kolstv\u00ed &#8211; jsem m\u00e1ma t\u0159\u00ed d\u011bt\u00ed..<\/span><\/span><\/p>\n<p><span style=\"font-family: Tahoma, sans-serif; color: #333399;\"><span style=\"font-size: medium;\">Motto:<em> Kdy\u017e nejde o \u017eivot&#8230;<\/em><\/span><\/span><\/p>\n<p align=\"justify\">\n","protected":false},"excerpt":{"rendered":"<p>Mgr. Tom\u00e1\u0161 Pavl\u016f, BD Cel\u00fd \u017eivot pracuji v oblasti komunikace a jazyk\u016f, pracoval jsem jako redaktor, st\u0159edo\u0161kolsk\u00fd u\u010ditel i p\u0159ekladatel nyn\u00ed pracuji jako lektor angli\u010dtiny. V\u011bt\u0161inu \u010dasu v\u0161ak v\u011bnuji m\u00edstn\u00ed politice. Po\u0159\u00e1dal jsem guerrila gardening, Ukli\u010fme \u010cesko, jako zastupitel jsem podal usnesen\u00ed na z\u00e1chranu Libe\u0148sk\u00e9ho mostu, kter\u00e9 bylo p\u0159ijato. Jsem opozi\u010dn\u00ed zastupitel a pracoval jsem &hellip; <a href=\"https:\/\/www.osmickasobe.cz\/index.php\/nasi-lide\/\" class=\"more-link\">Pokra\u010dov\u00e1n\u00ed textu <span class=\"screen-reader-text\">Na\u0161e kandid\u00e1tky a kandid\u00e1ti<\/span><\/a><\/p>\n","protected":false},"author":1,"featured_media":2517,"parent":0,"menu_order":0,"comment_status":"closed","ping_status":"closed","template":"","meta":[],"uagb_featured_image_src":{"full":["https:\/\/www.osmickasobe.cz\/wp-content\/uploads\/2022\/08\/uklidukrize_maly.jpg",591,443,false],"thumbnail":["https:\/\/www.osmickasobe.cz\/wp-content\/uploads\/2022\/08\/uklidukrize_maly-150x150.jpg",150,150,true],"medium":["https:\/\/www.osmickasobe.cz\/wp-content\/uploads\/2022\/08\/uklidukrize_maly-300x225.jpg",300,225,true],"medium_large":["https:\/\/www.osmickasobe.cz\/wp-content\/uploads\/2022\/08\/uklidukrize_maly.jpg",591,443,false],"large":["https:\/\/www.osmickasobe.cz\/wp-content\/uploads\/2022\/08\/uklidukrize_maly.jpg",591,443,false],"1536x1536":["https:\/\/www.osmickasobe.cz\/wp-content\/uploads\/2022\/08\/uklidukrize_maly.jpg",591,443,false],"2048x2048":["https:\/\/www.osmickasobe.cz\/wp-content\/uploads\/2022\/08\/uklidukrize_maly.jpg",591,443,false],"post-thumbnail":["https:\/\/www.osmickasobe.cz\/wp-content\/uploads\/2022\/08\/uklidukrize_maly.jpg",591,443,false]},"uagb_author_info":{"display_name":"osmickasob","author_link":"https:\/\/www.osmickasobe.cz\/index.php\/author\/osmickasob\/"},"uagb_comment_info":0,"uagb_excerpt":"Mgr. Tom\u00e1\u0161 Pavl\u016f, BD Cel\u00fd \u017eivot pracuji v oblasti komunikace a jazyk\u016f, pracoval jsem jako redaktor, st\u0159edo\u0161kolsk\u00fd u\u010ditel i p\u0159ekladatel nyn\u00ed pracuji jako lektor angli\u010dtiny. V\u011bt\u0161inu \u010dasu v\u0161ak v\u011bnuji m\u00edstn\u00ed politice. Po\u0159\u00e1dal jsem guerrila gardening, Ukli\u010fme \u010cesko, jako zastupitel jsem podal usnesen\u00ed na z\u00e1chranu Libe\u0148sk\u00e9ho mostu, kter\u00e9 bylo p\u0159ijato. Jsem opozi\u010dn\u00ed zastupitel a pracoval jsem&hellip;","_links":{"self":[{"href":"https:\/\/www.osmickasobe.cz\/index.php\/wp-json\/wp\/v2\/pages\/47"}],"collection":[{"href":"https:\/\/www.osmickasobe.cz\/index.php\/wp-json\/wp\/v2\/pages"}],"about":[{"href":"https:\/\/www.osmickasobe.cz\/index.php\/wp-json\/wp\/v2\/types\/page"}],"author":[{"embeddable":true,"href":"https:\/\/www.osmickasobe.cz\/index.php\/wp-json\/wp\/v2\/users\/1"}],"replies":[{"embeddable":true,"href":"https:\/\/www.osmickasobe.cz\/index.php\/wp-json\/wp\/v2\/comments?post=47"}],"version-history":[{"count":33,"href":"https:\/\/www.osmickasobe.cz\/index.php\/wp-json\/wp\/v2\/pages\/47\/revisions"}],"predecessor-version":[{"id":2553,"href":"https:\/\/www.osmickasobe.cz\/index.php\/wp-json\/wp\/v2\/pages\/47\/revisions\/2553"}],"wp:featuredmedia":[{"embeddable":true,"href":"https:\/\/www.osmickasobe.cz\/index.php\/wp-json\/wp\/v2\/media\/2517"}],"wp:attachment":[{"href":"https:\/\/www.osmickasobe.cz\/index.php\/wp-json\/wp\/v2\/media?parent=47"}],"curies":[{"name":"wp","href":"https:\/\/api.w.org\/{rel}","templated":true}]}}